{"id":113,"date":"2021-04-20T14:36:51","date_gmt":"2021-04-20T14:36:51","guid":{"rendered":"https:\/\/www.prumkadc.cz\/?page_id=113"},"modified":"2025-07-01T08:30:31","modified_gmt":"2025-07-01T08:30:31","slug":"prijimaci-rizeni-vos","status":"publish","type":"page","link":"https:\/\/www.prumkadc.cz\/index.php\/prijimaci-rizeni-vos\/","title":{"rendered":"P\u0159ij\u00edmac\u00ed \u0159\u00edzen\u00ed VO\u0160"},"content":{"rendered":"\n<p><strong>VO\u0160 D\u011b\u010d\u00edn nab\u00edz\u00ed studijn\u00ed obory:<\/strong><\/p>\n\n\n\n<p>\u2022 36-41-N\/03&nbsp;&nbsp;<strong>In\u017een\u00fdrsk\u00e9 stavitelstv\u00ed&nbsp;&#8211;<\/strong>&nbsp;zam\u011b\u0159en\u00ed \u017delezni\u010dn\u00ed stavitelstv\u00ed<br>denn\u00ed a kombinovan\u00e1 forma vzd\u011bl\u00e1v\u00e1n\u00ed<\/p>\n\n\n\n<p>\u2022&nbsp;36-41-N\/06&nbsp;&nbsp;<strong>Ochrana pam\u00e1tek a krajiny<\/strong><br>denn\u00ed&nbsp; a kombinovan\u00e1 forma vzd\u011bl\u00e1v\u00e1n\u00ed<\/p>\n\n\n\n<p><strong>Informace o p\u0159ij\u00edmac\u00edm \u0159\u00edzen\u00ed na vy\u0161\u0161\u00ed odborn\u00e9 \u0161kole pro \u0161koln\u00ed rok 2025\/202<\/strong>6<\/p>\n\n\n\n<p>Ke studiu na bude pro \u0161koln\u00ed rok 2025\/2026 p\u0159ijato:<\/p>\n\n\n\n<figure class=\"wp-block-table\"><table><tbody><tr><td>In\u017een\u00fdrsk\u00e9 stavitelstv\u00ed <\/td><td>denn\u00ed forma<\/td><td>30 student\u016f<\/td><\/tr><tr><td>In\u017een\u00fdrsk\u00e9 stavitelstv\u00ed <\/td><td>kombinovan\u00e1 forma<\/td><td>30 student\u016f<\/td><\/tr><tr><td>Ochrana pam\u00e1tek a krajiny<\/td><td>denn\u00ed forma<\/td><td>30 student\u016f<\/td><\/tr><tr><td>Ochrana pam\u00e1tek a krajiny<\/td><td>kombinovan\u00e1 forma<\/td><td>30 student\u016f<\/td><\/tr><\/tbody><\/table><\/figure>\n\n\n\n<p><strong>Krit\u00e9riem p\u0159ij\u00edmac\u00edho \u0159\u00edzen\u00ed na VO\u0160 stavebn\u00ed D\u011b\u010d\u00edn&nbsp;<\/strong>je spln\u011bn\u00ed z\u00e1kladn\u00ed podm\u00ednky &#8211; \u00fasp\u011b\u0161n\u00e9 vykon\u00e1n\u00ed maturitn\u00ed zkou\u0161ky. Uchaze\u010d je p\u0159ijat na z\u00e1klad\u011b spln\u011bn\u00ed tohoto krit\u00e9ria, p\u0159ij\u00edmac\u00ed zkou\u0161ky se nekonaj\u00ed. Uchaze\u010di budou p\u0159ij\u00edm\u00e1ni v&nbsp;p\u0159\u00edslu\u0161n\u00e9m kole do napln\u011bn\u00ed po\u010dtu p\u0159ij\u00edman\u00fdch v&nbsp;dan\u00e9m kole, v&nbsp;p\u0159\u00edpad\u011b p\u0159ekro\u010den\u00ed po\u010dtu p\u0159ihl\u00e1\u0161en\u00fdch vzhledem k&nbsp;po\u010dtu stanoven\u00e9mu pro p\u0159\u00edslu\u0161n\u00e9 kolo, budou se\u0159azeni podle pr\u016fm\u011bru na vysv\u011bd\u010den\u00ed (pro denn\u00ed formu &#8211; pololet\u00ed 4.&nbsp;ro\u010dn\u00edku st\u0159edn\u00ed \u0161koly, pro kombinovanou formu &#8211; maturitn\u00ed vysv\u011bd\u010den\u00ed) a p\u0159ijati budou v&nbsp;tomto po\u0159ad\u00ed do napln\u011bn\u00ed po\u010dtu p\u0159ij\u00edman\u00fdch.<br><br><strong>V p\u0159\u00edpad\u011b, \u017ee uchaze\u010d maturitu kon\u00e1 v&nbsp;pozd\u011bj\u0161\u00edm term\u00ednu<\/strong>&nbsp;ne\u017e je term\u00edn 1.- 3.kola p\u0159ij\u00edmac\u00edho \u0159\u00edzen\u00ed, m\u016f\u017ee si podat p\u0159ihl\u00e1\u0161ku a vykon\u00e1n\u00ed maturity dolo\u017e\u00ed dodate\u010dn\u011b v&nbsp;term\u00ednu do 30.9.. Pot\u00e9 obdr\u017e\u00ed rozhodnut\u00ed o p\u0159ijet\u00ed (v&nbsp;p\u0159\u00edpad\u011b dolo\u017een\u00ed absolvovan\u00e9 maturitn\u00ed zkou\u0161ky).<\/p>\n\n\n\n<p><strong>Potvrzen\u00ed l\u00e9ka\u0159e o zdravotn\u00ed zp\u016fsobilosti se nevy\u017eaduje.<br><br>Term\u00edny pod\u00e1n\u00ed p\u0159ihl\u00e1\u0161ek a p\u0159ij\u00edmac\u00edho \u0159\u00edzen\u00ed:<\/strong><\/p>\n\n\n\n<figure class=\"wp-block-table\"><table><tbody><tr><td><strong>Kolo<\/strong><\/td><td class=\"has-text-align-center\" data-align=\"center\"><strong>1.&nbsp;kolo<\/strong><\/td><td class=\"has-text-align-center\" data-align=\"center\"><strong>2.&nbsp;kolo<\/strong><\/td><td class=\"has-text-align-center\" data-align=\"center\"><\/td><\/tr><tr><td><strong>Term\u00edn pod\u00e1n\u00ed p\u0159ihl\u00e1\u0161ky<\/strong><\/td><td class=\"has-text-align-center\" data-align=\"center\">15.6.2025<\/td><td class=\"has-text-align-center\" data-align=\"center\">15.8.2025<\/td><td class=\"has-text-align-center\" data-align=\"center\"><\/td><\/tr><tr><td><strong>Po\u010det p\u0159ij\u00edman\u00fdch<br>INS denn\u00ed<\/strong><\/td><td class=\"has-text-align-center\" data-align=\"center\">30<\/td><td class=\"has-text-align-center\" data-align=\"center\">zru\u0161eno<\/td><td class=\"has-text-align-center\" data-align=\"center\"><\/td><\/tr><tr><td><strong>Po\u010det p\u0159ij\u00edman\u00fdch<br>INS kombi<\/strong><\/td><td class=\"has-text-align-center\" data-align=\"center\">30<\/td><td class=\"has-text-align-center\" data-align=\"center\">22<\/td><td class=\"has-text-align-center\" data-align=\"center\"><\/td><\/tr><tr><td><strong>Po\u010det p\u0159ij\u00edman\u00fdch<br>OCH denn\u00ed<\/strong><\/td><td class=\"has-text-align-center\" data-align=\"center\">30<\/td><td class=\"has-text-align-center\" data-align=\"center\">zru\u0161eno<\/td><td class=\"has-text-align-center\" data-align=\"center\"><\/td><\/tr><tr><td><strong>Po\u010det p\u0159ij\u00edman\u00fdch<br>OCH kombi<\/strong><\/td><td class=\"has-text-align-center\" data-align=\"center\">30<\/td><td class=\"has-text-align-center\" data-align=\"center\">26<\/td><td class=\"has-text-align-center\" data-align=\"center\"><\/td><\/tr><tr><td><strong>Datum vyd\u00e1n\u00ed rozhodnut\u00ed<\/strong> <strong>do<\/strong><\/td><td class=\"has-text-align-center\" data-align=\"center\">30.6.2025<\/td><td class=\"has-text-align-center\" data-align=\"center\">30.8.2025<\/td><td class=\"has-text-align-center\" data-align=\"center\"><\/td><\/tr><\/tbody><\/table><\/figure>\n\n\n\n\n\n<p>*Po\u010dty p\u0159ij\u00edman\u00fdch v&nbsp;dal\u0161\u00edch kolech budou pr\u016fb\u011b\u017en\u011b dopl\u0148ov\u00e1ny po skon\u010den\u00ed p\u0159edchoz\u00edho kola.<\/p>\n\n\n\n<p><strong>P\u0159ihl\u00e1\u0161ka&nbsp;<\/strong>je k&nbsp;dispozici na webov\u00fdch str\u00e1nk\u00e1ch \u0161koly nebo na sekretari\u00e1tu \u0161koly .<\/p>\n\n\n\n<div class=\"wp-block-file\"><a id=\"wp-block-file--media-6fd8549a-666d-4b2f-b456-06be88c87dd3\" href=\"https:\/\/www.prumkadc.cz\/wp-content\/uploads\/2021\/08\/Prihlaska-VOS-1.doc\">P\u0159ihl\u00e1\u0161ka na VO\u0160 (pdf)<\/a><a href=\"https:\/\/www.prumkadc.cz\/wp-content\/uploads\/2021\/08\/Prihlaska-VOS-1.doc\" class=\"wp-block-file__button wp-element-button\" download aria-describedby=\"wp-block-file--media-6fd8549a-666d-4b2f-b456-06be88c87dd3\">St\u00e1hnout<\/a><\/div>\n\n\n\n<div class=\"wp-block-file\"><a id=\"wp-block-file--media-0d90771c-505d-4dc5-afa0-68aed848e598\" href=\"https:\/\/www.prumkadc.cz\/wp-content\/uploads\/2021\/08\/Prihlaska-VOS-1.pdf\">P\u0159ihl\u00e1\u0161ka na VO\u0160 (docx)<\/a><a href=\"https:\/\/www.prumkadc.cz\/wp-content\/uploads\/2021\/08\/Prihlaska-VOS-1.pdf\" class=\"wp-block-file__button wp-element-button\" download aria-describedby=\"wp-block-file--media-0d90771c-505d-4dc5-afa0-68aed848e598\">St\u00e1hnout<\/a><\/div>\n\n\n\n<p><strong>P\u0159\u00edlohou p\u0159ihl\u00e1\u0161ky je:<\/strong><\/p>\n\n\n\n<p><strong>pro denn\u00ed formu vzd\u011bl\u00e1v\u00e1n\u00ed<br><\/strong>&#8211; ov\u011b\u0159en\u00e1 kopie maturitn\u00edho vysv\u011bd\u010den\u00ed (v&nbsp;p\u0159\u00edpad\u011b, \u017ee uchaze\u010d maturitn\u00ed vysv\u011bd\u010den\u00ed ji\u017e m\u00e1)<br>&#8211; kopie pololetn\u00edho vysv\u011bd\u010den\u00ed nebo v\u00fdpisu 4.&nbsp;ro\u010dn\u00edku&nbsp;(pouze v&nbsp;p\u0159\u00edpad\u011b \u0161kolou neov\u011b\u0159en\u00e9ho pr\u016fm\u011bru)<br><strong>pro kombinovanou formu vzd\u011bl\u00e1v\u00e1n\u00ed<br><\/strong>&#8211; ov\u011b\u0159en\u00e1 kopie maturitn\u00edho vysv\u011bd\u010den\u00ed<\/p>\n\n\n\n<p><strong>Rozhodnut\u00ed o p\u0159ijet\u00ed uchaze\u010d obdr\u017e\u00ed:<br><\/strong>&#8211; V&nbsp;p\u0159\u00edpad\u011b zasl\u00e1n\u00ed ov\u011b\u0159en\u00e9 kopie maturitn\u00edho vysv\u011bd\u010den\u00ed &#8211; v&nbsp;term\u00ednu p\u0159\u00edslu\u0161n\u00e9ho kola z\u00e1rove\u0148 s&nbsp;informacemi o zah\u00e1jen\u00ed \u0161koln\u00edho roku.<br>&#8211; V&nbsp;p\u0159\u00edpad\u011b, \u017ee uchaze\u010d maturitu kon\u00e1 v&nbsp;pozd\u011bj\u0161\u00edm term\u00ednu, ne\u017e pod\u00e1v\u00e1 p\u0159ihl\u00e1\u0161ku, rozhodnut\u00ed o p\u0159ijet\u00ed obdr\u017e\u00ed a\u017e po dolo\u017een\u00ed \u00fasp\u011b\u0161n\u00e9ho slo\u017een\u00ed maturitn\u00ed zkou\u0161ky. Dopisem mu budou zasl\u00e1ny informace o zah\u00e1jen\u00ed \u0161koln\u00edho roku.<br><br><\/p>\n\n\n\n<p><\/p>\n","protected":false},"excerpt":{"rendered":"<p>VO\u0160 D\u011b\u010d\u00edn nab\u00edz\u00ed studijn\u00ed obory: \u2022 36-41-N\/03&nbsp;&nbsp;In\u017een\u00fdrsk\u00e9 stavitelstv\u00ed&nbsp;&#8211;&nbsp;zam\u011b\u0159en\u00ed \u017delezni\u010dn\u00ed stavitelstv\u00eddenn\u00ed a kombinovan\u00e1 forma vzd\u011bl\u00e1v\u00e1n\u00ed \u2022&nbsp;36-41-N\/06&nbsp;&nbsp;Ochrana pam\u00e1tek a krajinydenn\u00ed&nbsp; a kombinovan\u00e1 forma vzd\u011bl\u00e1v\u00e1n\u00ed Informace o p\u0159ij\u00edmac\u00edm \u0159\u00edzen\u00ed na vy\u0161\u0161\u00ed odborn\u00e9 \u0161kole pro \u0161koln\u00ed rok 2025\/2026 Ke studiu na bude pro \u0161koln\u00ed rok 2025\/2026 p\u0159ijato: In\u017een\u00fdrsk\u00e9 stavitelstv\u00ed denn\u00ed forma 30 student\u016f In\u017een\u00fdrsk\u00e9 stavitelstv\u00ed kombinovan\u00e1 forma 30 student\u016f [&hellip;]<\/p>\n","protected":false},"author":5,"featured_media":0,"parent":0,"menu_order":0,"comment_status":"closed","ping_status":"closed","template":"","meta":{"_acf_changed":false,"footnotes":""},"class_list":["post-113","page","type-page","status-publish","hentry"],"acf":[],"_links":{"self":[{"href":"https:\/\/www.prumkadc.cz\/index.php\/wp-json\/wp\/v2\/pages\/113","targetHints":{"allow":["GET"]}}],"collection":[{"href":"https:\/\/www.prumkadc.cz\/index.php\/wp-json\/wp\/v2\/pages"}],"about":[{"href":"https:\/\/www.prumkadc.cz\/index.php\/wp-json\/wp\/v2\/types\/page"}],"author":[{"embeddable":true,"href":"https:\/\/www.prumkadc.cz\/index.php\/wp-json\/wp\/v2\/users\/5"}],"replies":[{"embeddable":true,"href":"https:\/\/www.prumkadc.cz\/index.php\/wp-json\/wp\/v2\/comments?post=113"}],"version-history":[{"count":9,"href":"https:\/\/www.prumkadc.cz\/index.php\/wp-json\/wp\/v2\/pages\/113\/revisions"}],"predecessor-version":[{"id":5951,"href":"https:\/\/www.prumkadc.cz\/index.php\/wp-json\/wp\/v2\/pages\/113\/revisions\/5951"}],"wp:attachment":[{"href":"https:\/\/www.prumkadc.cz\/index.php\/wp-json\/wp\/v2\/media?parent=113"}],"curies":[{"name":"wp","href":"https:\/\/api.w.org\/{rel}","templated":true}]}}