{"id":1208,"date":"2021-11-08T15:06:26","date_gmt":"2021-11-08T15:06:26","guid":{"rendered":"https:\/\/www.prumkadc.cz\/?page_id=1208"},"modified":"2023-05-11T05:57:02","modified_gmt":"2023-05-11T05:57:02","slug":"veda-pro-zivot-zivot-pro-vedu","status":"publish","type":"page","link":"https:\/\/www.prumkadc.cz\/index.php\/veda-pro-zivot-zivot-pro-vedu\/","title":{"rendered":"V\u011bda pro \u017eivot, \u017eivot pro v\u011bdu"},"content":{"rendered":"\n<p><\/p>\n\n\n\n<figure class=\"wp-block-image\"><img decoding=\"async\" src=\"http:\/\/old.prumkadc.cz\/sites\/default\/files\/u30\/OPVK_hor_zakladni_logolink_RGB_cz4.jpg\" alt=\"\"\/><\/figure>\n\n\n\n<p>VO\u0160 a SP\u0160 strojn\u00ed, stavebn\u00ed a dopravn\u00ed, D\u011b\u010d\u00edn je partnerem\u00a0 projektu v&nbsp;r\u00e1mci Opera\u010dn\u00edho programu Vzd\u011bl\u00e1v\u00e1n\u00ed pro konkurence schopnost spolufinancovan\u00e9ho Evropsk\u00fdm soci\u00e1ln\u00edm fondem a st\u00e1tn\u00edm rozpo\u010dtem \u010cesk\u00e9 republiky.<\/p>\n\n\n\n<p>Projekt byl zrealizov\u00e1n a ukon\u010den. Spln\u011bny byly v\u0161echny aktivity.<\/p>\n\n\n\n<p><strong>Projekt:<\/strong><\/p>\n\n\n\n<p><strong>N\u00e1zev projektu<\/strong>: \u201eV\u011bda pro \u017eivot, \u017eivot pro v\u011bdu\u201c<br><strong>Registra\u010dn\u00ed \u010d\u00edslo<\/strong>: CZ.1.07\/2.3.00\/45.0029<br><br><strong>Term\u00edn realizace:<\/strong> 1.1.&nbsp;2014 \u2013 30.&nbsp;6.&nbsp;2015<\/p>\n\n\n\n<p><strong>Hlavn\u00ed c\u00edl projektu:<\/strong><\/p>\n\n\n\n<p>C\u00edlem projektu je systematick\u00e1 p\u0159\u00edprava lidsk\u00fdch zdroj\u016f v&nbsp;\u00dasteck\u00e9m a Karlovarsk\u00e9m kraji pro podporu vzd\u011bl\u00e1v\u00e1n\u00ed v&nbsp;p\u0159\u00edrodov\u011bdn\u00fdch a technick\u00fdch oborech (PTO) a jejich popularizaci. Projekt inovativn\u011b propojuje v\u0161echny subjekty ve vzd\u011bl\u00e1vac\u00edm \u0159et\u011bzci od akademick\u00fdch pracovn\u00edk\u016f vysok\u00fdch \u0161kol (V\u0160) p\u0159es pedagogy vy\u0161\u0161\u00edch odborn\u00fdch \u0161kol a st\u0159edn\u00edch \u0161kol (VO\u0160, S\u0160) a\u017e k&nbsp;jejich student\u016fm a \u017e\u00e1k\u016fm. Projektu se \u00fa\u010dastn\u00ed 7 partner\u016f \u2013 2 fakulty ve\u0159ejn\u00fdch vysok\u00fdch \u0161kol, vy\u0161\u0161\u00ed odborn\u00e1 a st\u0159edn\u00ed \u0161kola a 3 st\u0159edn\u00ed \u0161koly: Fakulta v\u00fdrobn\u00edch technologi\u00ed a managementu Univerzity Jana Evangelisty Purkyn\u011b v&nbsp;\u00dast\u00ed nad Labem; Fakulta dopravn\u00ed \u010cesk\u00e9ho vysok\u00e9ho u\u010den\u00ed technick\u00e9ho v&nbsp;Praze, pracovi\u0161t\u011b D\u011b\u010d\u00edn; Vy\u0161\u0161\u00ed odborn\u00e1 \u0161kola a St\u0159edn\u00ed pr\u016fmyslov\u00e1 \u0161kola strojn\u00ed, stavebn\u00ed a dopravn\u00ed, D\u011b\u010d\u00edn; Gym\u00e1zium Cheb; Gymn\u00e1zium D\u011b\u010d\u00edn; St\u0159edn\u00ed \u0161kola technick\u00e1, gastronomick\u00e1 a automobiln\u00ed, Chomutov; Integrovan\u00e1 st\u0159edn\u00ed \u0161kola technick\u00e1 a ekonomick\u00e1 Sokolov; Centrum pro studium vysok\u00e9ho \u0161kolstv\u00ed, v.v.i., Praha. Projekt obsahuje 7 kl\u00ed\u010dov\u00fdch aktivit: vzd\u011bl\u00e1v\u00e1n\u00ed akademick\u00fdch a v\u00fdzkumn\u00fdch pracovn\u00edk\u016f, vzd\u011bl\u00e1v\u00e1n\u00ed u\u010ditel\u016f S\u0160 a VO\u0160, vzd\u011bl\u00e1v\u00e1n\u00ed z\u00e1jemc\u016f o PTO z&nbsp;\u0159ad \u017e\u00e1k\u016f a student\u016f S\u0160 a VO\u0160, vzd\u011bl\u00e1v\u00e1n\u00ed t\u011bchto z\u00e1jemc\u016f v&nbsp;r\u00e1mci mimo\u0161koln\u00edch aktiv a exkurz\u00ed, vyhled\u00e1v\u00e1n\u00ed nov\u00fdch talent\u016f v&nbsp;PTO prost\u0159ednictv\u00edm projektov\u00e9 sout\u011b\u017ee, mapov\u00e1n\u00ed situace ve v\u00fduce a popularizaci PTO na S\u0160 a VO\u0160 a navr\u017een\u00ed systematick\u00e9 a dlouhodob\u00e9 spolupr\u00e1ce \u0161kol s&nbsp;p\u0159\u00edbuzn\u00fdm zam\u011b\u0159en\u00edm, roz\u0161i\u0159ov\u00e1n\u00ed v\u00fdsledk\u016f projektu.<\/p>\n\n\n\n<p><strong>Odkaz na str\u00e1nky projektu:<\/strong><\/p>\n\n\n\n<p><a href=\"http:\/\/vez-opvk.cz\/\">http:\/\/vez-opvk.cz\/<\/a><\/p>\n\n\n\n<p><strong>Aktivity r<\/strong><strong>ealizovan\u00e9 na\u0161\u00ed \u0161kolou:<\/strong><\/p>\n\n\n\n<p><strong>P\u0159edn\u00e1\u0161ka S\u017dDC \u2013 Nov\u00e9 konstrukce \u017eelezni\u010dn\u00edho svr\u0161ku 13.5.2014<\/strong><br>Dne 13.5.2014 se v&nbsp;budov\u011b na\u0161\u00ed \u0161koly konala odborn\u00e1 p\u0159edn\u00e1\u0161ka pro v\u0161echny studenty VO\u0160 oboru \u017eelezni\u010dn\u00ed stavitelstv\u00ed. <a href=\"http:\/\/prumkadc.cz\/sites\/default\/files\/VEZ_PrednaskaSZDC_2014.pdf#overlay-context=node\/576\">V\u00edce&#8230;<\/a><\/p>\n\n\n\n<p><strong>Stavba a obnova zat\u00edmn\u00edch \u017eelezni\u010dn\u00edch most\u016f &#8211;&nbsp; Kojet\u00edn \u2013 Z\u00e1vod\u00ed 19.5.-23.5.2014<\/strong><br>Ji\u017e pot\u0159et\u00ed, m\u011bli studenti na\u0161\u00ed VO\u0160 (prvn\u00edho a druh\u00e9ho ro\u010dn\u00edku) mo\u017enost absolvovat kurz \u201eKrizov\u00fdch mana\u017eer\u016f\u201c. <a href=\"http:\/\/prumkadc.cz\/sites\/default\/files\/VEZ_Kojetin_Zavodi_2014.pdf#overlay-context=node\/576\">V\u00edce&#8230;<\/a><\/p>\n\n\n\n<p><strong>Mezin\u00e1rodn\u00ed veletrh dopravn\u00ed techniky \u2013 Berl\u00edn \u2013 Innotrans 2014 &#8211; 25. &#8211; 26.9.2014<br><\/strong>Ve dnech 25.9.&nbsp;a 26.9.2014 se deset pedagog\u016f na\u0161\u00ed d\u011b\u010d\u00ednsk\u00e9 pr\u016fmyslovky z\u00fa\u010dastnilo mezin\u00e1rodn\u00edho veletrhu dopravn\u00ed techniky, kter\u00fd se kon\u00e1 jednou za dva roky v&nbsp;Berl\u00edn\u011b. <a href=\"http:\/\/prumkadc.cz\/sites\/default\/files\/Innotrans_Berlin_2014.pdf#overlay-context=node\/576\">V\u00edce&#8230;<\/a><\/p>\n\n\n\n<p><strong>Exkurze Rakousko &#8211; Voestalpine a V\u00edde\u0148 17. &#8211; 19.11.2014<br><\/strong>Exkurze student\u016f VO\u0160, oboru \u017delezni\u010dn\u00ed stavitelstv\u00ed a Ochrana krajiny a pam\u00e1tek, se uskute\u010dnila ve dnech 17. \u2013 19.&nbsp;listopadu 2014. Exkurze se z\u00fa\u010dastnilo 21 student\u016f 1.&nbsp;a 2.&nbsp;ro\u010dn\u00edku. Programem exkurze byla komentovan\u00e1 prohl\u00eddka z\u00e1vodu Voestealpine Donawitz, kter\u00fd pat\u0159\u00ed nejen v&nbsp;Rakousku, ale i ve sv\u011bt\u011b k&nbsp;nejv\u011bt\u0161\u00edm zpracovatel\u016fm \u017eelezn\u00e9 rudy. <a href=\"http:\/\/prumkadc.cz\/node\/665\">V\u00edce&#8230;<\/a><\/p>\n","protected":false},"excerpt":{"rendered":"<p>VO\u0160 a SP\u0160 strojn\u00ed, stavebn\u00ed a dopravn\u00ed, D\u011b\u010d\u00edn je partnerem\u00a0 projektu v&nbsp;r\u00e1mci Opera\u010dn\u00edho programu Vzd\u011bl\u00e1v\u00e1n\u00ed pro konkurence schopnost spolufinancovan\u00e9ho Evropsk\u00fdm soci\u00e1ln\u00edm fondem a st\u00e1tn\u00edm rozpo\u010dtem \u010cesk\u00e9 republiky. Projekt byl zrealizov\u00e1n a ukon\u010den. Spln\u011bny byly v\u0161echny aktivity. Projekt: N\u00e1zev projektu: \u201eV\u011bda pro \u017eivot, \u017eivot pro v\u011bdu\u201cRegistra\u010dn\u00ed \u010d\u00edslo: CZ.1.07\/2.3.00\/45.0029 Term\u00edn realizace: 1.1.&nbsp;2014 \u2013 30.&nbsp;6.&nbsp;2015 Hlavn\u00ed c\u00edl projektu: [&hellip;]<\/p>\n","protected":false},"author":5,"featured_media":0,"parent":0,"menu_order":14,"comment_status":"closed","ping_status":"closed","template":"","meta":{"_acf_changed":false,"footnotes":""},"class_list":["post-1208","page","type-page","status-publish","hentry"],"acf":[],"_links":{"self":[{"href":"https:\/\/www.prumkadc.cz\/index.php\/wp-json\/wp\/v2\/pages\/1208","targetHints":{"allow":["GET"]}}],"collection":[{"href":"https:\/\/www.prumkadc.cz\/index.php\/wp-json\/wp\/v2\/pages"}],"about":[{"href":"https:\/\/www.prumkadc.cz\/index.php\/wp-json\/wp\/v2\/types\/page"}],"author":[{"embeddable":true,"href":"https:\/\/www.prumkadc.cz\/index.php\/wp-json\/wp\/v2\/users\/5"}],"replies":[{"embeddable":true,"href":"https:\/\/www.prumkadc.cz\/index.php\/wp-json\/wp\/v2\/comments?post=1208"}],"version-history":[{"count":1,"href":"https:\/\/www.prumkadc.cz\/index.php\/wp-json\/wp\/v2\/pages\/1208\/revisions"}],"predecessor-version":[{"id":1209,"href":"https:\/\/www.prumkadc.cz\/index.php\/wp-json\/wp\/v2\/pages\/1208\/revisions\/1209"}],"wp:attachment":[{"href":"https:\/\/www.prumkadc.cz\/index.php\/wp-json\/wp\/v2\/media?parent=1208"}],"curies":[{"name":"wp","href":"https:\/\/api.w.org\/{rel}","templated":true}]}}