{"id":1218,"date":"2021-11-08T15:08:22","date_gmt":"2021-11-08T15:08:22","guid":{"rendered":"https:\/\/www.prumkadc.cz\/?page_id=1218"},"modified":"2022-01-20T10:56:31","modified_gmt":"2022-01-20T10:56:31","slug":"programovani-na-cnc-strojich","status":"publish","type":"page","link":"https:\/\/www.prumkadc.cz\/index.php\/programovani-na-cnc-strojich\/","title":{"rendered":"Programov\u00e1n\u00ed na CNC stroj\u00edch"},"content":{"rendered":"\n<p><strong>Projekt: \u201eZ\u00edsk\u00e1n\u00ed dovednost\u00ed v&nbsp;programov\u00e1n\u00ed na CNC obr\u00e1b\u011bc\u00edch stroj\u00edch pro \u017e\u00e1ky st\u0159edn\u00edch odborn\u00fdch \u0161kol a u\u010dili\u0161\u0165\u201c, reg. \u010d. CZ.1.07\/1.1.34\/01.0019<\/strong><\/p>\n\n\n\n<p><strong>Term\u00edn realizace: 01\/04\/2012 \u2013 31\/12\/2013<\/strong><\/p>\n\n\n\n<p>Obsahem 21m\u011bs\u00ed\u010dn\u00edho projektu jsou aktivity vedouc\u00ed ke zv\u00fd\u0161en\u00ed \u00farovn\u011b praktick\u00fdch dovednost\u00ed pedagogick\u00fdch pracovn\u00edk\u016f a p\u0159edev\u0161\u00edm \u017e\u00e1k\u016f v&nbsp;tomto p\u0159edm\u011btu a inovace v\u00fdukov\u00fdch materi\u00e1l\u016f p\u0159edm\u011btu. P\u0159\u00ednosem pro \u0161koly je podpo\u0159en\u00ed z\u00e1jmu o studium, v\u011bt\u0161\u00ed z\u00e1jem firem z&nbsp;technick\u00e9 praxe o spolupr\u00e1ci se \u0161kolou a jej\u00ed absolventy.<br>Partnerem je firma TOS VARNSDORF a. s., sv\u011btov\u00fd v\u00fdrobce obr\u00e1b\u011bc\u00edch stroj\u016f se specializac\u00ed na v\u00fdrobu horizont\u00e1ln\u00edch fr\u00e9zovac\u00edch a vyvrt\u00e1vac\u00edch stroj\u016f a obr\u00e1b\u011bc\u00edch center. Svoji aktivn\u00ed \u00fa\u010dast\u00ed tak m\u016f\u017ee p\u0159isp\u011bt k&nbsp;uplatnitelnosti a p\u0159ipravenosti absolvent\u016f na sou\u010dasn\u00fd trh pr\u00e1ce v&nbsp;regionu.<\/p>\n\n\n\n<p>Do projektu je zapojeno p\u011bt \u0161kol \u00dasteck\u00e9ho kraje:<br>&#8211; Gymn\u00e1zium a St\u0159edn\u00ed odborn\u00e1 \u0161kola, Podbo\u0159any, p\u0159\u00edsp\u011bvkov\u00e1 organizace,<br>&#8211; Vy\u0161\u0161\u00ed odborn\u00e1 \u0161kola a St\u0159edn\u00ed pr\u016fmyslov\u00e1 \u0161kola strojn\u00ed, stavebn\u00ed a dopravn\u00ed, D\u011b\u010d\u00edn, p\u0159\u00edsp\u011bvkov\u00e1 organizace,<br>&#8211; St\u0159edn\u00ed pr\u016fmyslov\u00e1 \u0161kola, \u00dast\u00ed nad Labem, Resslova 5, p\u0159\u00edsp\u011bvkov\u00e1 organizace<br>&#8211; St\u0159edn\u00ed \u0161kola stavebn\u00ed a technick\u00e1, \u00dast\u00ed nad Labem, \u010celakovsk\u00e9ho 5, p\u0159\u00edsp\u011bvkov\u00e1 organizace<br>&#8211; Vy\u0161\u0161\u00ed odborn\u00e1 \u0161kola a St\u0159edn\u00ed \u0161kola, Varnsdorf, p\u0159\u00edsp\u011bvkov\u00e1 organizace.<\/p>\n\n\n\n<p>C\u00edle projektu budou dosa\u017eeny realizac\u00ed \u010dty\u0159 kl\u00ed\u010dov\u00fdch aktivit (KA):<\/p>\n\n\n\n<p><strong>KA 01 Zv\u00fd\u0161en\u00ed \u00farovn\u011b praktick\u00fdch dovednost\u00ed 13 pedagogick\u00fdch pracovn\u00edk\u016f partnersk\u00fdch \u0161kol v&nbsp;p\u0159edm\u011btu CNC programov\u00e1n\u00ed<\/strong><\/p>\n\n\n\n<p>C\u00edlem je dovybavit partnersk\u00e9 \u0161koly hardwarov\u00fdm a softwarov\u00fdm za\u0159\u00edzen\u00edm a zv\u00fd\u0161it praktickou \u00farove\u0148 dovednost\u00ed pedagog\u016f pro CNC programov\u00e1n\u00ed, aby byli schopni v&nbsp;p\u0159\u00edprav\u011b sv\u00fdch \u017e\u00e1k\u016f co nejl\u00e9pe reflektovat na praktick\u00e9 po\u017eadavky stroj\u00edrensk\u00fdch podnik\u016f na CNC program\u00e1tory.<\/p>\n\n\n\n<p>Rozvoj praktick\u00fdch dovednost\u00ed pedagog\u016f bude zam\u011b\u0159en na:<br>&#8211; programov\u00e1n\u00ed pomoc\u00ed CAM a CAD aplikac\u00ed<br>&#8211; programov\u00e1n\u00ed v&nbsp;\u0159\u00eddic\u00edm syst\u00e9mu Heidenhain<br>&#8211; programov\u00e1n\u00ed v&nbsp;\u0159\u00eddic\u00edm syst\u00e9mu Fanuc<br>&#8211; simula\u010dn\u00ed syst\u00e9m od spole\u010dnosti Siemens<br>&#8211; nov\u00e9 trendy obr\u00e1b\u011bn\u00ed<br>&#8211; odlad\u011bn\u00ed programu na obr\u00e1b\u011bc\u00edm stroji<br>&#8211; fin\u00e1ln\u00ed v\u00fdroba<\/p>\n\n\n\n<p><strong>KA 02 Zv\u00fd\u0161en\u00ed \u00farovn\u011b dovednost\u00ed \u017e\u00e1k\u016f v&nbsp;p\u0159edm\u011btu CNC programov\u00e1n\u00ed (pilotn\u00ed ov\u011b\u0159en\u00ed)<\/strong><\/p>\n\n\n\n<p>V&nbsp;r\u00e1mci realizace t\u00e9to KA bude v\u00fduka p\u011bti partnersk\u00fdch \u0161kol pro 170 \u017e\u00e1k\u016f obohacena p\u016fsoben\u00edm odborn\u00edk\u016f z&nbsp;praxe s&nbsp;c\u00edlem pos\u00edlen\u00ed komunikace a spolupr\u00e1ce se zapojen\u00fdm pr\u016fmyslov\u00fdm podnikem TOS VARNSDORF a. s.<br>V\u00fduka programov\u00e1n\u00ed na \u0161kol\u00e1ch za \u00fa\u010dasti odborn\u00edka z&nbsp;praxe bude zam\u011b\u0159ena na procvi\u010dov\u00e1n\u00ed v&nbsp;dovednostech, jak vyu\u017e\u00edvat mo\u017enost\u00ed modern\u00edch \u0159\u00edd\u00edc\u00edch syst\u00e9m\u016f ve vazb\u011b na praktick\u00e9 v\u00fdstupy.<br>Sou\u010d\u00e1st\u00ed realizace kl\u00ed\u010dov\u00e9 aktivity bude jednodenn\u00ed st\u00e1\u017e ve spole\u010dnosti TOS VARNSDORF a. s., kde se \u017e\u00e1ci sezn\u00e1m\u00ed s&nbsp;realizac\u00ed naprogramovan\u00e9ho v\u00fdstupu (obrobku) na re\u00e1ln\u00e9m stroji.<\/p>\n\n\n\n<p><strong>KA 03 Ov\u011b\u0159en\u00ed progrese \u00farovn\u011b znalost\u00ed \u017e\u00e1k\u016f &#8211; lektorsk\u00e9 dny<\/strong><\/p>\n\n\n\n<p>V\u00fdznamn\u00fdm prvkem t\u00e9to KA je unik\u00e1tn\u00ed mo\u017enost sout\u011b\u017en\u00edho ov\u011b\u0159en\u00ed dovednost\u00ed v&nbsp;NC programov\u00e1n\u00ed \u017e\u00e1k\u016f 3.&nbsp;nebo 4.&nbsp;ro\u010dn\u00edk\u016f partnersk\u00fdch \u0161kol p\u0159i p\u0159\u00edle\u017eitosti MSV 2012 a 2013 v&nbsp;Brn\u011b ve 3 u\u010debn\u00e1ch pro \u0159\u00eddic\u00ed syst\u00e9my Fanuc, Siemens a Heidenhain. V&nbsp;obou letech se bude jednat o \u00fa\u010dast celkem 22 \u017e\u00e1k\u016f ze zapojen\u00fdch \u0161kol.<\/p>\n\n\n\n<p><strong>KA 04 P\u0159\u00edprava v\u00fdukov\u00fdch materi\u00e1l\u016f p\u0159edm\u011btu<\/strong><\/p>\n\n\n\n<p>C\u00edlem t\u00e9to KA a jedn\u00edm z&nbsp;hlavn\u00edch v\u00fdstup\u016f projektu bude zpracov\u00e1n\u00ed vzorov\u00fdch u\u010debn\u00edch osnov a \u00faprava u\u010debn\u00edch osnov p\u0159edm\u011btu CNC obr\u00e1b\u011bn\u00ed zapojen\u00fdch \u0161kol zam\u011b\u0159en\u00e9 na \u0161koln\u00ed rok 2012\/2013 a dal\u0161\u00ed roky, a to za \u00fa\u010dasti z\u00e1stupc\u016f \u017eadatele a zapojen\u00fdch \u0161kol.<img decoding=\"async\" alt=\"PDF icon\" src=\"http:\/\/old.prumkadc.cz\/modules\/file\/icons\/application-pdf.png\"><a href=\"http:\/\/old.prumkadc.cz\/sites\/default\/files\/KA01_0.pdf\">KA 01 &#8211; Zv\u00fd\u0161en\u00ed \u00farovn\u011b praktick\u00fdch dovednost\u00ed pedagogick\u00fdch pracovn\u00edk\u016f v&nbsp;p\u0159edm\u011btu CNC programov\u00e1n\u00ed<\/a><img decoding=\"async\" alt=\"PDF icon\" src=\"http:\/\/old.prumkadc.cz\/modules\/file\/icons\/application-pdf.png\"><a href=\"http:\/\/old.prumkadc.cz\/sites\/default\/files\/KA02_0.pdf\">KA 02 &#8211; Sch\u016fzka pedagog\u016f se supervizorem projektu ing. Vlastimilem Sta\u0148kem 17.12.2012<\/a><img decoding=\"async\" alt=\"PDF icon\" src=\"http:\/\/old.prumkadc.cz\/modules\/file\/icons\/application-pdf.png\"><a href=\"http:\/\/old.prumkadc.cz\/sites\/default\/files\/KA03.pdf\">KA 03 &#8211; Ov\u011b\u0159en\u00ed progrese \u00farovn\u011b znalost\u00ed \u017e\u00e1k\u016f &#8211; lektorsk\u00e9 dny<\/a><img decoding=\"async\" alt=\"PDF icon\" src=\"http:\/\/old.prumkadc.cz\/modules\/file\/icons\/application-pdf.png\"><a href=\"http:\/\/old.prumkadc.cz\/sites\/default\/files\/Foto_KA01_3a4den_skolen.pdf\">Foto &#8211; \u0160kolen\u00ed &#8211; 22.10.2012 Programov\u00e1n\u00ed v&nbsp;\u0159\u00eddic\u00edm syst\u00e9mu Fanuc, 23.10.2012 Simula\u010dn\u00ed syst\u00e9m Siemens<\/a><img decoding=\"async\" alt=\"PDF icon\" src=\"http:\/\/old.prumkadc.cz\/modules\/file\/icons\/application-pdf.png\"><a href=\"http:\/\/old.prumkadc.cz\/sites\/default\/files\/FotoPorada_predavka_%20zarizeni_17_%2012_%202012.pdf\">Foto &#8211; Porada pedagog\u016f partnersk\u00fdch \u0161kol zapojen\u00fdch do projektu \u010d.1\/2012 dne 17.&nbsp;12.&nbsp;2012<\/a><\/p>\n","protected":false},"excerpt":{"rendered":"<p>Projekt: \u201eZ\u00edsk\u00e1n\u00ed dovednost\u00ed v&nbsp;programov\u00e1n\u00ed na CNC obr\u00e1b\u011bc\u00edch stroj\u00edch pro \u017e\u00e1ky st\u0159edn\u00edch odborn\u00fdch \u0161kol a u\u010dili\u0161\u0165\u201c, reg. \u010d. CZ.1.07\/1.1.34\/01.0019 Term\u00edn realizace: 01\/04\/2012 \u2013 31\/12\/2013 Obsahem 21m\u011bs\u00ed\u010dn\u00edho projektu jsou aktivity vedouc\u00ed ke zv\u00fd\u0161en\u00ed \u00farovn\u011b praktick\u00fdch dovednost\u00ed pedagogick\u00fdch pracovn\u00edk\u016f a p\u0159edev\u0161\u00edm \u017e\u00e1k\u016f v&nbsp;tomto p\u0159edm\u011btu a inovace v\u00fdukov\u00fdch materi\u00e1l\u016f p\u0159edm\u011btu. P\u0159\u00ednosem pro \u0161koly je podpo\u0159en\u00ed z\u00e1jmu o studium, v\u011bt\u0161\u00ed [&hellip;]<\/p>\n","protected":false},"author":5,"featured_media":0,"parent":0,"menu_order":19,"comment_status":"closed","ping_status":"closed","template":"","meta":{"_acf_changed":false,"footnotes":""},"class_list":["post-1218","page","type-page","status-publish","hentry"],"acf":[],"_links":{"self":[{"href":"https:\/\/www.prumkadc.cz\/index.php\/wp-json\/wp\/v2\/pages\/1218","targetHints":{"allow":["GET"]}}],"collection":[{"href":"https:\/\/www.prumkadc.cz\/index.php\/wp-json\/wp\/v2\/pages"}],"about":[{"href":"https:\/\/www.prumkadc.cz\/index.php\/wp-json\/wp\/v2\/types\/page"}],"author":[{"embeddable":true,"href":"https:\/\/www.prumkadc.cz\/index.php\/wp-json\/wp\/v2\/users\/5"}],"replies":[{"embeddable":true,"href":"https:\/\/www.prumkadc.cz\/index.php\/wp-json\/wp\/v2\/comments?post=1218"}],"version-history":[{"count":1,"href":"https:\/\/www.prumkadc.cz\/index.php\/wp-json\/wp\/v2\/pages\/1218\/revisions"}],"predecessor-version":[{"id":1219,"href":"https:\/\/www.prumkadc.cz\/index.php\/wp-json\/wp\/v2\/pages\/1218\/revisions\/1219"}],"wp:attachment":[{"href":"https:\/\/www.prumkadc.cz\/index.php\/wp-json\/wp\/v2\/media?parent=1218"}],"curies":[{"name":"wp","href":"https:\/\/api.w.org\/{rel}","templated":true}]}}