{"id":65,"date":"2021-04-20T14:27:23","date_gmt":"2021-04-20T14:27:23","guid":{"rendered":"https:\/\/www.prumkadc.cz\/?page_id=65"},"modified":"2025-11-24T14:41:55","modified_gmt":"2025-11-24T14:41:55","slug":"pratele-vos-a-sps-decin-z-s","status":"publish","type":"page","link":"https:\/\/www.prumkadc.cz\/index.php\/pratele-vos-a-sps-decin-z-s\/","title":{"rendered":"P\u0159\u00e1tel\u00e9 VO\u0160 a SP\u0160 D\u011b\u010d\u00edn z.s."},"content":{"rendered":"\n<p class=\"has-large-font-size\"><\/p>\n\n\n\n<figure class=\"wp-block-table is-style-stripes\"><table><tbody><tr><td>N\u00e1zev:<\/td><td class=\"has-text-align-left\" data-align=\"left\"><strong>P\u0159\u00e1tel\u00e9 VO\u0160 a SP\u0160 D\u011b\u010d\u00edn, z.s.<\/strong><\/td><\/tr><tr><td>Forma:<\/td><td class=\"has-text-align-left\" data-align=\"left\">spolek<\/td><\/tr><tr><td>Adresa:<\/td><td class=\"has-text-align-left\" data-align=\"left\">\u010csl. arm\u00e1dy 681\/10, D\u011b\u010d\u00edn I., 405&nbsp;02&nbsp;&nbsp;&nbsp;&nbsp;&nbsp;&nbsp;&nbsp;&nbsp;&nbsp;&nbsp;&nbsp;&nbsp;&nbsp;&nbsp;&nbsp;&nbsp;&nbsp;<\/td><\/tr><tr><td>Datum vzniku:<\/td><td class=\"has-text-align-left\" data-align=\"left\">26.11.2012<\/td><\/tr><tr><td>Datum z\u00e1pisu do obch. rejst\u0159\u00edku<\/td><td class=\"has-text-align-left\" data-align=\"left\">1.1.2014&nbsp;&nbsp;&nbsp;&nbsp;&nbsp;&nbsp;&nbsp;&nbsp;&nbsp;&nbsp;&nbsp;&nbsp;&nbsp;&nbsp;&nbsp;&nbsp;&nbsp;&nbsp;&nbsp;&nbsp;&nbsp;&nbsp;&nbsp;&nbsp;&nbsp;&nbsp;&nbsp;&nbsp;&nbsp;&nbsp;&nbsp;&nbsp;&nbsp;&nbsp;&nbsp;&nbsp;&nbsp;&nbsp;&nbsp;&nbsp;&nbsp;&nbsp;&nbsp;&nbsp;&nbsp;&nbsp;&nbsp;&nbsp;&nbsp;&nbsp;&nbsp;&nbsp;&nbsp;&nbsp;&nbsp;&nbsp;&nbsp;&nbsp;&nbsp;&nbsp;&nbsp;&nbsp;&nbsp;&nbsp;&nbsp;&nbsp;&nbsp;&nbsp;&nbsp;&nbsp;&nbsp;<\/td><\/tr><tr><td>I\u010c:<\/td><td class=\"has-text-align-left\" data-align=\"left\">01253891&nbsp;<\/td><\/tr><tr><td>\u010c. \u00fa\u010dtu:<\/td><td class=\"has-text-align-left\" data-align=\"left\">256652344\/0300<\/td><\/tr><tr><td>Stanovy sdru\u017een\u00ed:<\/td><td class=\"has-text-align-left\" data-align=\"left\"><a href=\"http:\/\/prumkadc.cz\/sites\/default\/files\/stanovy_spolek_2015.pdf\"><strong>stanovy<\/strong><\/a><\/td><\/tr><\/tbody><\/table><\/figure>\n\n\n\n<figure class=\"wp-block-table is-style-stripes\"><table><thead><tr><th class=\"has-text-align-left\" data-align=\"left\">V\u00fdbor od 25.11.2015<\/th><th class=\"has-text-align-left\" data-align=\"left\"><\/th><\/tr><\/thead><tbody><tr><td class=\"has-text-align-left\" data-align=\"left\">P\u0159edseda &#8211; statut\u00e1rn\u00ed z\u00e1stupce:&nbsp;<\/td><td class=\"has-text-align-left\" data-align=\"left\">Martin \u0160anda &nbsp; &nbsp; &nbsp; &nbsp; &nbsp; &nbsp; &nbsp; &nbsp; &nbsp; &nbsp; &nbsp; &nbsp; &nbsp; &nbsp; &nbsp; &nbsp; &nbsp; &nbsp; &nbsp; &nbsp; &nbsp; &nbsp; &nbsp; &nbsp;&nbsp; &nbsp;&nbsp;&nbsp;&nbsp;&nbsp;&nbsp;&nbsp;&nbsp;&nbsp;&nbsp;&nbsp;&nbsp;&nbsp;&nbsp;&nbsp;<\/td><\/tr><tr><td class=\"has-text-align-left\" data-align=\"left\">M\u00edstop\u0159edseda &#8211; statut\u00e1rn\u00ed z\u00e1stupce:<\/td><td class=\"has-text-align-left\" data-align=\"left\">Bla\u017ekov\u00e1 Michaela<\/td><\/tr><tr><td class=\"has-text-align-left\" data-align=\"left\">\u010clenov\u00e9 v\u00fdboru:<\/td><td class=\"has-text-align-left\" data-align=\"left\">Bc. Michaela Znamen\u00e1\u010dkov\u00e1<\/td><\/tr><tr><td class=\"has-text-align-left\" data-align=\"left\"><\/td><td class=\"has-text-align-left\" data-align=\"left\">Mgr. Jan Mare\u0161<\/td><\/tr><tr><td class=\"has-text-align-left\" data-align=\"left\"><\/td><td class=\"has-text-align-left\" data-align=\"left\">Ing. Pavel Ulip<\/td><\/tr><tr><td class=\"has-text-align-left\" data-align=\"left\"><\/td><td class=\"has-text-align-left\" data-align=\"left\">Bohumila Hurytov\u00e1<\/td><\/tr><tr><td class=\"has-text-align-left\" data-align=\"left\"><\/td><td class=\"has-text-align-left\" data-align=\"left\">Bc. Jana Netrvalov\u00e1, Dis.<\/td><\/tr><tr><td class=\"has-text-align-left\" data-align=\"left\">&nbsp;Revizn\u00ed komise:<\/td><td class=\"has-text-align-left\" data-align=\"left\">RNDr. Jindra Vl\u010dkov\u00e1<\/td><\/tr><\/tbody><\/table><\/figure>\n\n\n\n<p>Z\u00e1kladn\u00edmi c\u00edli sdru\u017een\u00ed jsou:&nbsp;<\/p>\n\n\n\n<ul class=\"wp-block-list\">\n<li>popularizace \u0161koly \u0161irok\u00e9 ve\u0159ejnosti, co\u017e je hlavn\u00edm posl\u00e1n\u00edm sdru\u017een\u00ed,<\/li>\n\n\n\n<li>po\u0159\u00e1d\u00e1n\u00ed sportovn\u00edch a kulturn\u011b spole\u010densk\u00fdch akc\u00ed pro studenty,<\/li>\n\n\n\n<li>poskytovat obecn\u011b prosp\u011b\u0161nou \u010dinnost v&nbsp;oblasti materi\u00e1ln\u011b technickou podpory \u0161koly a student\u016f.<\/li>\n<\/ul>\n\n\n\n<p>Formami \u010dinnosti sdru\u017een\u00ed jsou zejm\u00e9na:<\/p>\n\n\n\n<ul class=\"wp-block-list\">\n<li>medializace \u0161koly ve sd\u011blovac\u00edch prost\u0159edc\u00edch, po\u0159\u00e1d\u00e1n\u00ed vzd\u011bl\u00e1vac\u00edch akc\u00ed<\/li>\n\n\n\n<li>organizov\u00e1n\u00ed sportovn\u00edch a kulturn\u011b spole\u010densk\u00fdch akc\u00ed pro studenty,<\/li>\n\n\n\n<li>spolupo\u0159\u00e1d\u00e1n\u00ed maturitn\u00edch ples\u016f student\u016f a s&nbsp;nimi spojen\u00fdch kulturn\u00edch akc\u00ed,<\/li>\n\n\n\n<li>materi\u00e1ln\u011b technick\u00e1 podpora student\u016f \u00fa\u010dastn\u00edc\u00edch se oborov\u00fdch studijn\u00edch sout\u011b\u017e\u00ed,&nbsp;&nbsp;&nbsp;<\/li>\n\n\n\n<li>materi\u00e1ln\u011b technick\u00e1 podpora \u0161koly.<\/li>\n<\/ul>\n\n\n\n<div class=\"wp-block-file\"><a id=\"wp-block-file--media-f00338be-7b73-4637-9840-56f755eadc2d\" href=\"https:\/\/www.prumkadc.cz\/wp-content\/uploads\/2025\/11\/Zapis-ze-schuze-dne-04.11.-2025.docx\">Z\u00e1pis ze sch\u016fze dne 04.11.&nbsp;2025<\/a><a href=\"https:\/\/www.prumkadc.cz\/wp-content\/uploads\/2025\/11\/Zapis-ze-schuze-dne-04.11.-2025.docx\" class=\"wp-block-file__button wp-element-button\" download aria-describedby=\"wp-block-file--media-f00338be-7b73-4637-9840-56f755eadc2d\">St\u00e1hnout<\/a><\/div>\n\n\n\n<div class=\"wp-block-file\"><a id=\"wp-block-file--media-0dec87a6-420a-4605-8e4b-9872f2bf22ff\" href=\"https:\/\/www.prumkadc.cz\/wp-content\/uploads\/2025\/11\/Zapis-ze-schuze-dne-23.10.-2025.docx\">Z\u00e1pis ze sch\u016fze dne 23.10.&nbsp;2025<\/a><a href=\"https:\/\/www.prumkadc.cz\/wp-content\/uploads\/2025\/11\/Zapis-ze-schuze-dne-23.10.-2025.docx\" class=\"wp-block-file__button wp-element-button\" download aria-describedby=\"wp-block-file--media-0dec87a6-420a-4605-8e4b-9872f2bf22ff\">St\u00e1hnout<\/a><\/div>\n\n\n\n<div class=\"wp-block-file\"><a id=\"wp-block-file--media-fbb3e9e9-d577-46cf-9a7d-f4fe02f3e064\" href=\"https:\/\/www.prumkadc.cz\/wp-content\/uploads\/2025\/05\/Zapis-ze-schuze-dne-19.-3.-2025.pdf\">Z\u00e1pis ze sch\u016fze dne 19.&nbsp;3.&nbsp;2025<\/a><a href=\"https:\/\/www.prumkadc.cz\/wp-content\/uploads\/2025\/05\/Zapis-ze-schuze-dne-19.-3.-2025.pdf\" class=\"wp-block-file__button wp-element-button\" download aria-describedby=\"wp-block-file--media-fbb3e9e9-d577-46cf-9a7d-f4fe02f3e064\">St\u00e1hnout<\/a><\/div>\n\n\n\n<div class=\"wp-block-file\"><a id=\"wp-block-file--media-eea24d70-8218-48ae-8939-a06ec089c74f\" href=\"https:\/\/www.prumkadc.cz\/wp-content\/uploads\/2024\/10\/Zapis-ze-schuze-dne-9.-10.-2024.docx\">Z\u00e1pis ze sch\u016fze dne 9.&nbsp;10.&nbsp;2024<\/a><a href=\"https:\/\/www.prumkadc.cz\/wp-content\/uploads\/2024\/10\/Zapis-ze-schuze-dne-9.-10.-2024.docx\" class=\"wp-block-file__button wp-element-button\" download aria-describedby=\"wp-block-file--media-eea24d70-8218-48ae-8939-a06ec089c74f\">St\u00e1hnout<\/a><\/div>\n\n\n\n<div class=\"wp-block-file\"><a id=\"wp-block-file--media-1cdf3398-c604-40e0-aa79-d4fb67361d08\" href=\"https:\/\/www.prumkadc.cz\/wp-content\/uploads\/2024\/04\/Zapis-ze-schuze-dne-2024_03.pdf\">Z\u00e1pis ze sch\u016fze 20.&nbsp;3.&nbsp;2024<\/a><\/div>\n\n\n\n<div class=\"wp-block-file\"><a id=\"wp-block-file--media-a9ad8a9d-47cb-47fc-906f-4d59ac381f12\" href=\"https:\/\/www.prumkadc.cz\/wp-content\/uploads\/2024\/04\/Vyrocni-schuze-2023.pdf\">Z\u00e1pis z&nbsp;v\u00fdro\u010dn\u00ed sch\u016fze 17.&nbsp;11.&nbsp;2023<\/a><\/div>\n\n\n\n<div class=\"wp-block-file\"><a id=\"wp-block-file--media-7fd04db0-b83a-471f-8768-5c930de09e2d\" href=\"https:\/\/www.prumkadc.cz\/wp-content\/uploads\/2024\/04\/Zapis-ze-schuze-dne-2023_10_17.pdf\">Z\u00e1pis ze sch\u016fze 17.&nbsp;10.&nbsp;2023<\/a><\/div>\n\n\n\n<div class=\"wp-block-file\"><a id=\"wp-block-file--media-dd8bfa87-17a6-4e63-b19f-54009288ac8c\" href=\"https:\/\/www.prumkadc.cz\/wp-content\/uploads\/2023\/03\/Zapis-ze-schuze-dne-7.-3.pdf\">Z\u00e1pis ze sch\u016fze dne 7.&nbsp;3.&nbsp;2023<\/a><\/div>\n\n\n\n<div class=\"wp-block-file\"><a id=\"wp-block-file--media-8d27a00d-8e3b-4eb0-b3ad-6c846f2027e2\" href=\"https:\/\/www.prumkadc.cz\/wp-content\/uploads\/2022\/09\/Zapis_ze_schuze_2022_09_06.pdf\">Z\u00e1pis ze sch\u016fze dne 6.&nbsp;9.&nbsp;2022<\/a><\/div>\n\n\n\n<div class=\"wp-block-file\"><a id=\"wp-block-file--media-4cf24841-9c55-4202-b547-0353b1f30dec\" href=\"https:\/\/www.prumkadc.cz\/wp-content\/uploads\/2021\/08\/Stanovy-spolku-Pratele-VOS-a-SPS-Decin-z.s..pdf\" target=\"_blank\" rel=\"noreferrer noopener\">Stanovy spolku P\u0159\u00e1tel\u00e9 VO\u0160 a SP\u0160 D\u011b\u010d\u00edn, z.s.<\/a><\/div>\n\n\n\n<div class=\"wp-block-file\"><a id=\"wp-block-file--media-70fb7d4f-35cf-48dd-876f-dd80506fe919\" href=\"https:\/\/www.prumkadc.cz\/wp-content\/uploads\/2021\/08\/Usneseni-\u2013-volby-2015.pdf\" target=\"_blank\" rel=\"noreferrer noopener\">Usnesen\u00ed &#8211; volby 2015<\/a><\/div>\n\n\n\n<p><\/p>\n","protected":false},"excerpt":{"rendered":"<p>N\u00e1zev: P\u0159\u00e1tel\u00e9 VO\u0160 a SP\u0160 D\u011b\u010d\u00edn, z.s. Forma: spolek Adresa: \u010csl. arm\u00e1dy 681\/10, D\u011b\u010d\u00edn I., 405&nbsp;02&nbsp;&nbsp;&nbsp;&nbsp;&nbsp;&nbsp;&nbsp;&nbsp;&nbsp;&nbsp;&nbsp;&nbsp;&nbsp;&nbsp;&nbsp;&nbsp;&nbsp; Datum vzniku: 26.11.2012 Datum z\u00e1pisu do obch. rejst\u0159\u00edku 1.1.2014&nbsp;&nbsp;&nbsp;&nbsp;&nbsp;&nbsp;&nbsp;&nbsp;&nbsp;&nbsp;&nbsp;&nbsp;&nbsp;&nbsp;&nbsp;&nbsp;&nbsp;&nbsp;&nbsp;&nbsp;&nbsp;&nbsp;&nbsp;&nbsp;&nbsp;&nbsp;&nbsp;&nbsp;&nbsp;&nbsp;&nbsp;&nbsp;&nbsp;&nbsp;&nbsp;&nbsp;&nbsp;&nbsp;&nbsp;&nbsp;&nbsp;&nbsp;&nbsp;&nbsp;&nbsp;&nbsp;&nbsp;&nbsp;&nbsp;&nbsp;&nbsp;&nbsp;&nbsp;&nbsp;&nbsp;&nbsp;&nbsp;&nbsp;&nbsp;&nbsp;&nbsp;&nbsp;&nbsp;&nbsp;&nbsp;&nbsp;&nbsp;&nbsp;&nbsp;&nbsp;&nbsp; I\u010c: 01253891&nbsp; \u010c. \u00fa\u010dtu: 256652344\/0300 Stanovy sdru\u017een\u00ed: stanovy V\u00fdbor od 25.11.2015 P\u0159edseda &#8211; statut\u00e1rn\u00ed z\u00e1stupce:&nbsp; Martin \u0160anda &nbsp; &nbsp; &nbsp; &nbsp; &nbsp; &nbsp; &nbsp; &nbsp; &nbsp; &nbsp; &nbsp; &nbsp; &nbsp; [&hellip;]<\/p>\n","protected":false},"author":5,"featured_media":0,"parent":0,"menu_order":0,"comment_status":"closed","ping_status":"closed","template":"","meta":{"_acf_changed":false,"footnotes":""},"class_list":["post-65","page","type-page","status-publish","hentry"],"acf":[],"_links":{"self":[{"href":"https:\/\/www.prumkadc.cz\/index.php\/wp-json\/wp\/v2\/pages\/65","targetHints":{"allow":["GET"]}}],"collection":[{"href":"https:\/\/www.prumkadc.cz\/index.php\/wp-json\/wp\/v2\/pages"}],"about":[{"href":"https:\/\/www.prumkadc.cz\/index.php\/wp-json\/wp\/v2\/types\/page"}],"author":[{"embeddable":true,"href":"https:\/\/www.prumkadc.cz\/index.php\/wp-json\/wp\/v2\/users\/5"}],"replies":[{"embeddable":true,"href":"https:\/\/www.prumkadc.cz\/index.php\/wp-json\/wp\/v2\/comments?post=65"}],"version-history":[{"count":19,"href":"https:\/\/www.prumkadc.cz\/index.php\/wp-json\/wp\/v2\/pages\/65\/revisions"}],"predecessor-version":[{"id":6180,"href":"https:\/\/www.prumkadc.cz\/index.php\/wp-json\/wp\/v2\/pages\/65\/revisions\/6180"}],"wp:attachment":[{"href":"https:\/\/www.prumkadc.cz\/index.php\/wp-json\/wp\/v2\/media?parent=65"}],"curies":[{"name":"wp","href":"https:\/\/api.w.org\/{rel}","templated":true}]}}