{"id":67,"date":"2021-04-20T14:27:51","date_gmt":"2021-04-20T14:27:51","guid":{"rendered":"https:\/\/www.prumkadc.cz\/?page_id=67"},"modified":"2025-09-24T08:29:00","modified_gmt":"2025-09-24T08:29:00","slug":"kalendar-skolniho-roku","status":"publish","type":"page","link":"https:\/\/www.prumkadc.cz\/index.php\/kalendar-skolniho-roku\/","title":{"rendered":"Kalend\u00e1\u0159 \u0161koln\u00edho roku"},"content":{"rendered":"\n<p><strong>Organiza\u010dn\u00ed pl\u00e1n \u0161koln\u00edho roku 2025\/2<\/strong>6<\/p>\n\n\n\n<p>Kalend\u00e1\u0159 bude pr\u016fb\u011b\u017en\u011b dopl\u0148ov\u00e1n o v\u00fdznamn\u00e9 akce, zm\u011bny term\u00edn\u016f jsou vyhrazeny.<\/p>\n\n\n\n<figure class=\"wp-block-table\"><table class=\"has-fixed-layout\"><tbody><tr><td><strong>Srpen 2025<\/strong><\/td><td><\/td><\/tr><tr><td>26.&nbsp;8.&nbsp;2025<\/td><td>Dodate\u010dn\u00e9 zkou\u0161ky SP\u0160 \u2013 do 18.8.2025 dodat pr\u00e1ce k&nbsp;hodnocen\u00ed<\/td><\/tr><tr><td>26. \u2013 28.&nbsp;8.&nbsp;2025<\/td><td>Opravn\u00e9, rozd\u00edlov\u00e9 a dodate\u010dn\u00e9 zkou\u0161ky SP\u0160<\/td><\/tr><\/tbody><\/table><\/figure>\n\n\n\n<figure class=\"wp-block-table\"><table class=\"has-fixed-layout\"><tbody><tr><td><strong>Z\u00e1\u0159\u00ed 2025<\/strong><\/td><td><\/td><\/tr><tr><td>&nbsp;<\/td><td><strong>SP\u0160<\/strong><\/td><\/tr><tr><td>1.&nbsp;9.&nbsp;2025&nbsp;<\/td><td>Zah\u00e1jen\u00ed \u0161koln\u00edho roku&nbsp;<\/td><\/tr><tr><td>&nbsp;<\/td><td>&nbsp;<\/td><\/tr><tr><td>2. \u2013 4.&nbsp;9.&nbsp;2025<\/td><td>Adapta\u010dn\u00ed kurz 1.&nbsp;ro\u010dn\u00edk\u016f&nbsp;<\/td><\/tr><tr><td>&nbsp;<\/td><td><strong>Maturitn\u00ed zkou\u0161ka PODZIM 2025&nbsp;<\/strong><\/td><\/tr><tr><td>1. \u2013 3.&nbsp;9.&nbsp;2025<\/td><td>Spole\u010dn\u00e1 \u010d\u00e1st &#8211; didaktick\u00e9 testy &#8211; sp\u00e1dov\u00e1 \u0161kola&nbsp;<\/td><\/tr><tr><td>&nbsp;<\/td><td><strong>Profilov\u00e1 \u010d\u00e1st<\/strong>&nbsp;\u2013 p\u0159esn\u00e9 term\u00edny budou zve\u0159ejn\u011bny nejpozd\u011bji 25.8.2025<\/td><\/tr><tr><td>3. \u2013 8.&nbsp;9.&nbsp;2025<\/td><td>P\u00edsemn\u00e9 pr\u00e1ce z&nbsp;\u010cJL,AJ&nbsp;<\/td><\/tr><tr><td>4. \u2013 5.&nbsp;9.&nbsp;2025<\/td><td>Praktick\u00e1 \u010d\u00e1st&nbsp;z&nbsp;odborn\u00fdch p\u0159edm\u011bt\u016f<\/td><\/tr><tr><td>11.&nbsp;a 12.&nbsp;9.&nbsp;2025<\/td><td>\u00dastn\u00ed zkou\u0161ky profilov\u00e9 \u010d\u00e1sti<\/td><\/tr><tr><td>&nbsp;<\/td><td><strong>VO\u0160<\/strong><\/td><\/tr><tr><td>16.&nbsp;9.&nbsp;2025<\/td><td>z\u00e1pis \u2013 kombinovan\u00e9 studium<\/td><\/tr><tr><td>28.&nbsp;9.&nbsp;2025 (ne)<\/td><td>St\u00e1tn\u00ed sv\u00e1tek<\/td><\/tr><\/tbody><\/table><\/figure>\n\n\n\n<figure class=\"wp-block-table\"><table class=\"has-fixed-layout\"><tbody><tr><td><strong>\u0158\u00edjen 2025<\/strong><\/td><td><\/td><\/tr><tr><td>27.&nbsp;10.&nbsp;2025 (po)<\/td><td>Podzimn\u00ed pr\u00e1zdniny<\/td><\/tr><tr><td>28.&nbsp;10.&nbsp;2025<\/td><td>St\u00e1tn\u00ed sv\u00e1tek&nbsp;<\/td><\/tr><tr><td>29.&nbsp;10.&nbsp;2025 (st)<\/td><td>Podzimn\u00ed pr\u00e1zdniny<\/td><\/tr><\/tbody><\/table><\/figure>\n\n\n\n<figure class=\"wp-block-table\"><table class=\"has-fixed-layout\"><tbody><tr><td>29.&nbsp;10.&nbsp;2025<\/td><td>Semin\u00e1\u0159 &#8211; Modern\u00ed technologie v&nbsp;3D tisku ve stroj\u00edrenstv\u00ed a elektrotechnice<\/td><\/tr><tr><td>&nbsp;<\/td><td><strong>SP\u0160<\/strong><\/td><\/tr><tr><td>3.&nbsp;11.&nbsp;2025<\/td><td>Uzav\u0159en\u00ed klasifikace za 1.&nbsp;\u010dtvrtlet\u00ed&nbsp;<\/td><\/tr><tr><td>4.&nbsp;11.&nbsp;2025<\/td><td>T\u0159\u00eddn\u00ed sch\u016fzky \u2013 st\u0159edisko \u010csl. arm\u00e1dy<\/td><\/tr><tr><td>5.&nbsp;11.&nbsp;2025<\/td><td>T\u0159\u00eddn\u00ed sch\u016fzky \u2013 st\u0159edisko Slovansk\u00e1<\/td><\/tr><tr><td>17.&nbsp;11.&nbsp;2025(po)<\/td><td>St\u00e1tn\u00ed sv\u00e1tek<\/td><\/tr><tr><td>18.- 19.11.2025<\/td><td>\u0158editelsk\u00e9 volno<\/td><\/tr><tr><td>22.&nbsp;11.&nbsp;2025(so)<\/td><td>Den otev\u0159en\u00fdch dve\u0159\u00ed<\/td><\/tr><\/tbody><\/table><\/figure>\n\n\n\n<figure class=\"wp-block-table\"><table class=\"has-fixed-layout\"><tbody><tr><td><strong>Listopad 2025<\/strong><\/td><td>\ufeff<\/td><\/tr><tr><td><\/td><td><strong>SP\u0160<\/strong><\/td><\/tr><tr><td>3.&nbsp;11.&nbsp;2025<\/td><td>Uzav\u0159en\u00ed klasifikace za 1.&nbsp;\u010dtvrtlet\u00ed&nbsp;<\/td><\/tr><tr><td>4.&nbsp;11.&nbsp;2025<\/td><td>T\u0159\u00eddn\u00ed sch\u016fzky \u2013 st\u0159edisko \u010csl. arm\u00e1dy<\/td><\/tr><tr><td>5.&nbsp;11.&nbsp;2025<\/td><td>T\u0159\u00eddn\u00ed sch\u016fzky \u2013 st\u0159edisko Slovansk\u00e1<\/td><\/tr><tr><td>17.&nbsp;11.&nbsp;2025(po)<\/td><td>St\u00e1tn\u00ed sv\u00e1tek<\/td><\/tr><tr><td>18.- 19.11.2025<\/td><td>\u0158editelsk\u00e9 volno<\/td><\/tr><tr><td>22.&nbsp;11.&nbsp;2025(so)<\/td><td>Den otev\u0159en\u00fdch dve\u0159\u00ed<\/td><\/tr><\/tbody><\/table><\/figure>\n\n\n\n<figure class=\"wp-block-table\"><table class=\"has-fixed-layout\"><tbody><tr><td><strong>Prosinec 2025<\/strong><\/td><td><\/td><\/tr><tr><td>&nbsp;<\/td><td><strong>SP\u0160<\/strong><\/td><\/tr><tr><td><\/td><td>Term\u00edn pod\u00e1n\u00ed p\u0159ihl\u00e1\u0161ky k&nbsp;maturitn\u00ed zkou\u0161ce JARO 2026<\/td><\/tr><tr><td>22.&nbsp;12.-31.12.2025<\/td><td>V\u00e1no\u010dn\u00ed pr\u00e1zdniny<\/td><\/tr><tr><td>24. -26.12.&nbsp;2025<\/td><td>St\u00e1tn\u00ed sv\u00e1tek<\/td><\/tr><tr><td>&nbsp;<\/td><td><strong>VO\u0160<\/strong><\/td><\/tr><tr><td>22.-31.&nbsp;12.&nbsp;2025<\/td><td>Zkou\u0161kov\u00e9 obdob\u00ed D4Z&nbsp;<\/td><\/tr><tr><td><\/td><td><\/td><\/tr><tr><td>&nbsp;<\/td><td>&nbsp;<\/td><\/tr><tr><td><\/td><td><\/td><\/tr><\/tbody><\/table><\/figure>\n\n\n\n<figure class=\"wp-block-table\"><table class=\"has-fixed-layout\"><tbody><tr><td><strong>Leden 2026<\/strong><\/td><td><\/td><\/tr><tr><td>1.&nbsp;1.&nbsp;2026<\/td><td>St\u00e1tn\u00ed sv\u00e1tek<\/td><\/tr><tr><td>2.&nbsp;1.&nbsp;2026<\/td><td>V\u00e1no\u010dn\u00ed pr\u00e1zdniny<\/td><\/tr><tr><td>&nbsp;<\/td><td>&nbsp;<\/td><\/tr><tr><td>&nbsp;<\/td><td><strong>SP\u0160<\/strong><\/td><\/tr><tr><td>4.&nbsp;1.- 9.&nbsp;1.&nbsp;2026<\/td><td>Ly\u017ea\u0159sk\u00fd kurz 2.&nbsp;ro\u010dn\u00edk\u016f&nbsp;<\/td><\/tr><tr><td>18.1.- 23.1.2026<\/td><td>Ly\u017ea\u0159sk\u00fd kurz 2.&nbsp;ro\u010dn\u00edk\u016f&nbsp;&nbsp;<\/td><\/tr><tr><td>22.&nbsp;1.&nbsp;2026 (\u010dt)<\/td><td>Den otev\u0159en\u00fdch dve\u0159\u00ed<\/td><\/tr><tr><td>23.&nbsp;1.&nbsp;2026<\/td><td>Uzav\u0159en\u00ed klasifikace 1.&nbsp;pololet\u00ed<\/td><\/tr><tr><td>27.&nbsp;1.&nbsp;2026 (\u00fat)<\/td><td>Klasifika\u010dn\u00ed porada&nbsp;<\/td><\/tr><tr><td>29.&nbsp;1.&nbsp;2026<\/td><td>Vysv\u011bd\u010den\u00ed za 1.&nbsp;pololet\u00ed<\/td><\/tr><tr><td>30.&nbsp;1.&nbsp;2026 (p\u00e1)<\/td><td>Jednodenn\u00ed pololetn\u00ed pr\u00e1zdniny<\/td><\/tr><tr><td>&nbsp;<\/td><td>&nbsp;<\/td><\/tr><tr><td>&nbsp;<\/td><td><strong>VO\u0160<\/strong><\/td><\/tr><tr><td>5.&nbsp;1.- 22.1.&nbsp;2026<\/td><td>Zkou\u0161kov\u00e9 obdob\u00ed D4Z \u2013 kombinovan\u00e9 studium VO\u0160<\/td><\/tr><tr><td>23. -29.1.2026<\/td><td>D4Z &#8211; B\u00edl\u00fd t\u00fdden<\/td><\/tr><tr><td>30.&nbsp;1.&nbsp;2026<\/td><td>Absolutorium<\/td><\/tr><tr><td>5.&nbsp;1. \u2013 30.&nbsp;1.&nbsp;2026<\/td><td>Zkou\u0161kov\u00e9 obdob\u00ed VO\u0160 \u2013 D1, D3Z<\/td><\/tr><tr><td>&nbsp;<\/td><td>&nbsp;<\/td><\/tr><\/tbody><\/table><\/figure>\n\n\n\n<figure class=\"wp-block-table\"><table class=\"has-fixed-layout\"><tbody><tr><td><strong>\u00danor 2026<\/strong><\/td><td><\/td><\/tr><tr><td>&nbsp;<\/td><td><strong>SP\u0160<\/strong><\/td><\/tr><tr><td><\/td><td>Term\u00edn pod\u00e1n\u00ed p\u0159ihl\u00e1\u0161ek na SP\u0160<\/td><\/tr><tr><td>23.&nbsp;2. \u2013 1.&nbsp;3.&nbsp;2026<\/td><td>Jarn\u00ed pr\u00e1zdniny<\/td><\/tr><tr><td>&nbsp;<\/td><td><strong>VO\u0160<\/strong><\/td><\/tr><tr><td>2.&nbsp;2.&nbsp;2026<\/td><td>Za\u010d\u00e1tek v\u00fduky VO\u0160 kombinovan\u00e9 \u2013 letn\u00ed obdob\u00ed<\/td><\/tr><tr><td>23.-24.2.2026<\/td><td>Semin\u00e1\u0159<\/td><\/tr><\/tbody><\/table><\/figure>\n\n\n\n<figure class=\"wp-block-table\"><table class=\"has-fixed-layout\"><tbody><tr><td><strong>B\u0159ezen 2026<\/strong><\/td><td><\/td><\/tr><tr><td>&nbsp;<\/td><td><strong>SP\u0160<\/strong><\/td><\/tr><tr><td>20.-26.3.2026<\/td><td>Ly\u017ea\u0159sk\u00e1 exkurze ALPY 2026<\/td><\/tr><\/tbody><\/table><\/figure>\n\n\n\n<figure class=\"wp-block-table\"><table class=\"has-fixed-layout\"><tbody><tr><td><strong>Duben 2026&nbsp;<\/strong><\/td><td><\/td><\/tr><tr><td>&nbsp;<\/td><td><strong>SP\u0160<\/strong><\/td><\/tr><tr><td>2.&nbsp;4.&nbsp;2026 (\u010dt)<\/td><td>Velikono\u010dn\u00ed pr\u00e1zdniny<\/td><\/tr><tr><td>3.&nbsp;a 6.&nbsp;4.&nbsp;2026<\/td><td>Velikonoce \u2013 st\u00e1tn\u00ed sv\u00e1tky<\/td><\/tr><tr><td>&nbsp;<\/td><td><strong>&nbsp;<\/strong><\/td><\/tr><tr><td>7.&nbsp;4.&nbsp;2026<\/td><td>Uzav\u0159en\u00ed \u010dtvrtletn\u00ed klasifikace<\/td><\/tr><tr><td>8.&nbsp;4.&nbsp;2026<\/td><td>Individu\u00e1ln\u00ed konzultace k&nbsp;prosp\u011bchu<\/td><\/tr><tr><td>&nbsp;<\/td><td>&nbsp;<\/td><\/tr><tr><td>10.&nbsp;a 13.&nbsp;4.2026<\/td><td>P\u0159ij\u00edmac\u00ed zkou\u0161ky S\u0160<\/td><\/tr><tr><td><\/td><td><strong>4.&nbsp;ro\u010dn\u00edky<\/strong><\/td><\/tr><tr><td>27.&nbsp;4.&nbsp;2026<\/td><td>Uzav\u0159en\u00ed klasifikace 4.&nbsp;ro\u010dn\u00edk\u016f<\/td><\/tr><tr><td>28.&nbsp;4.&nbsp;2026<\/td><td>Klasifika\u010dn\u00ed porada 4.&nbsp;ro\u010dn\u00edk\u016f<\/td><\/tr><tr><td>30.&nbsp;4.&nbsp;2026<\/td><td>Vysv\u011bd\u010den\u00ed \u2013 4.&nbsp;ro\u010dn\u00edky<\/td><\/tr><\/tbody><\/table><\/figure>\n\n\n\n<figure class=\"wp-block-table\"><table class=\"has-fixed-layout\"><tbody><tr><td><strong>Kv\u011bten 2026<\/strong><\/td><td><\/td><\/tr><tr><td>1.&nbsp;5.&nbsp;2026 (p\u00e1)<\/td><td>St\u00e1tn\u00ed sv\u00e1tek<\/td><\/tr><tr><td>8.&nbsp;5.&nbsp;2026 (p\u00e1)<\/td><td>St\u00e1tn\u00ed sv\u00e1tek<\/td><\/tr><tr><td>&nbsp;<\/td><td><strong>SP\u0160<\/strong><\/td><\/tr><tr><td>&nbsp;<\/td><td><strong>Maturitn\u00ed zkou\u0161ka JARO 2026&nbsp;<\/strong><\/td><\/tr><tr><td>4. \u2013 7.&nbsp;5.&nbsp;2026<\/td><td>Spole\u010dn\u00e1 \u010d\u00e1st \u2013 didaktick\u00e9 testy a p\u00edsemn\u00e9 pr\u00e1ce profilov\u00e9 \u010d\u00e1sti<\/td><\/tr><tr><td>11. \u2013 15.&nbsp;5.&nbsp;2026<\/td><td>Praktick\u00e1 \u010d\u00e1st z&nbsp;odborn\u00fdch p\u0159edm\u011bt\u016f<\/td><\/tr><tr><td>&nbsp;<\/td><td>\u00dastn\u00ed zkou\u0161ky profilov\u00e9 \u010d\u00e1sti<\/td><\/tr><tr><td>&nbsp;<\/td><td>Souvisl\u00e1 odborn\u00e1 praxe 2.&nbsp;a 3.&nbsp;ro\u010dn\u00edk\u016f<\/td><\/tr><tr><td>&nbsp;<\/td><td>Brann\u00fd kurz 1.ro\u010dn\u00edky \u2013 st\u0159edisko \u010csl.arm\u00e1dy<\/td><\/tr><tr><td>&nbsp;<\/td><td>Brann\u00fd kurz 1.ro\u010dn\u00edky- st\u0159edisko Slovansk\u00e1<\/td><\/tr><tr><td>&nbsp;<\/td><td>Zve\u0159ejn\u011bn\u00ed v\u00fdsledk\u016f p\u0159ij\u00edmac\u00edch zkou\u0161ek<\/td><\/tr><tr><td>&nbsp;<\/td><td>&nbsp;<\/td><\/tr><\/tbody><\/table><\/figure>\n\n\n\n<figure class=\"wp-block-table\"><table class=\"has-fixed-layout\"><tbody><tr><td><strong>\u010cerven 2026<\/strong><\/td><td><\/td><\/tr><tr><td>&nbsp;<\/td><td><strong>SP\u0160<\/strong><\/td><\/tr><tr><td>8. &#8211; 12.&nbsp;6.&nbsp;2026<\/td><td>Opravn\u00e9 zkou\u0161ky 4.&nbsp;ro\u010dn\u00edky<\/td><\/tr><tr><td>15. &#8211; 19.&nbsp;6.&nbsp;2026<\/td><td>Sportovn\u00ed kurz 3.&nbsp;ro\u010dn\u00edk\u016f<\/td><\/tr><tr><td>22.&nbsp;6.&nbsp;2026<\/td><td>Uzav\u0159en\u00ed klasifikace 2.&nbsp;pololet\u00ed a klasifika\u010dn\u00ed porada<\/td><\/tr><tr><td>23.&nbsp;a 24.&nbsp;6.&nbsp;2026<\/td><td>\u0160koln\u00ed v\u00fdlety, exkurze<\/td><\/tr><tr><td>25.&nbsp;6.&nbsp;2026<\/td><td>Sportovn\u00ed den<\/td><\/tr><tr><td>26.&nbsp;6.&nbsp;2026<\/td><td>Vysv\u011bd\u010den\u00ed<\/td><\/tr><tr><td>29.-30.6.2026<\/td><td>\u0158editelsk\u00e9 volno<\/td><\/tr><tr><td>&nbsp;<\/td><td><strong>VO\u0160<\/strong><\/td><\/tr><tr><td>1. \u2013 30.&nbsp;6.&nbsp;2026<\/td><td>Zkou\u0161kov\u00e9 obdob\u00ed \u2013 kombinovan\u00e9 studium<\/td><\/tr><\/tbody><\/table><\/figure>\n\n\n\n<figure class=\"wp-block-table\"><table class=\"has-fixed-layout\"><tbody><tr><td><strong>\u010cervenec 2026<\/strong><\/td><td><\/td><\/tr><tr><td>1. \u2013 31.&nbsp;7.&nbsp;2026&nbsp;<\/td><td>Hlavn\u00ed pr\u00e1zdniny<\/td><\/tr><\/tbody><\/table><\/figure>\n\n\n\n<figure class=\"wp-block-table\"><table class=\"has-fixed-layout\"><tbody><tr><td><strong>Srpen 2026<\/strong><\/td><td><\/td><\/tr><tr><td>1. \u2013 31.&nbsp;8.&nbsp;2026<\/td><td>Pr\u00e1zdniny&nbsp;<\/td><\/tr><tr><td>24.- 27.&nbsp;8.&nbsp;2026<\/td><td>Dodate\u010dn\u00e9 a opravn\u00e9 zkou\u0161ky 1.- 3.&nbsp;ro\u010dn\u00edk\u016f<\/td><\/tr><\/tbody><\/table><\/figure>\n","protected":false},"excerpt":{"rendered":"<p>Organiza\u010dn\u00ed pl\u00e1n \u0161koln\u00edho roku 2025\/26 Kalend\u00e1\u0159 bude pr\u016fb\u011b\u017en\u011b dopl\u0148ov\u00e1n o v\u00fdznamn\u00e9 akce, zm\u011bny term\u00edn\u016f jsou vyhrazeny. Srpen 2025&nbsp;26.&nbsp;8.&nbsp;2025 Dodate\u010dn\u00e9 zkou\u0161ky SP\u0160 \u2013 do 18.8.2025 dodat pr\u00e1ce k&nbsp;hodnocen\u00ed 26. \u2013 28.&nbsp;8.&nbsp;2025 Opravn\u00e9, rozd\u00edlov\u00e9 a dodate\u010dn\u00e9 zkou\u0161ky SP\u0160 Z\u00e1\u0159\u00ed 2025 &nbsp; SP\u0160 1.&nbsp;9.&nbsp;2025&nbsp; Zah\u00e1jen\u00ed \u0161koln\u00edho roku&nbsp; &nbsp; &nbsp; 2. \u2013 4.&nbsp;9.&nbsp;2025 Adapta\u010dn\u00ed kurz 1.&nbsp;ro\u010dn\u00edk\u016f&nbsp; &nbsp; Maturitn\u00ed [&hellip;]<\/p>\n","protected":false},"author":5,"featured_media":0,"parent":0,"menu_order":0,"comment_status":"closed","ping_status":"closed","template":"","meta":{"_acf_changed":false,"footnotes":""},"class_list":["post-67","page","type-page","status-publish","hentry"],"acf":[],"_links":{"self":[{"href":"https:\/\/www.prumkadc.cz\/index.php\/wp-json\/wp\/v2\/pages\/67","targetHints":{"allow":["GET"]}}],"collection":[{"href":"https:\/\/www.prumkadc.cz\/index.php\/wp-json\/wp\/v2\/pages"}],"about":[{"href":"https:\/\/www.prumkadc.cz\/index.php\/wp-json\/wp\/v2\/types\/page"}],"author":[{"embeddable":true,"href":"https:\/\/www.prumkadc.cz\/index.php\/wp-json\/wp\/v2\/users\/5"}],"replies":[{"embeddable":true,"href":"https:\/\/www.prumkadc.cz\/index.php\/wp-json\/wp\/v2\/comments?post=67"}],"version-history":[{"count":15,"href":"https:\/\/www.prumkadc.cz\/index.php\/wp-json\/wp\/v2\/pages\/67\/revisions"}],"predecessor-version":[{"id":6006,"href":"https:\/\/www.prumkadc.cz\/index.php\/wp-json\/wp\/v2\/pages\/67\/revisions\/6006"}],"wp:attachment":[{"href":"https:\/\/www.prumkadc.cz\/index.php\/wp-json\/wp\/v2\/media?parent=67"}],"curies":[{"name":"wp","href":"https:\/\/api.w.org\/{rel}","templated":true}]}}