{"id":77,"date":"2021-04-20T14:28:47","date_gmt":"2021-04-20T14:28:47","guid":{"rendered":"https:\/\/www.prumkadc.cz\/?page_id=77"},"modified":"2024-09-02T15:35:04","modified_gmt":"2024-09-02T15:35:04","slug":"gdrp","status":"publish","type":"page","link":"https:\/\/www.prumkadc.cz\/index.php\/gdrp\/","title":{"rendered":"GDRP"},"content":{"rendered":"\n<p><strong>Informace o zpracov\u00e1n\u00ed osobn\u00edch \u00fadaj\u016f<\/strong><\/p>\n\n\n\n<p>Vy\u0161\u0161\u00ed odborn\u00e1 \u0161kola a St\u0159edn\u00ed pr\u016fmyslov\u00e1 \u0161kola strojn\u00ed, stavebn\u00ed a dopravn\u00ed, D\u011b\u010d\u00edn, p\u0159\u00edsp\u011bvkov\u00e1 organizace,<br>I\u010c: 47274689 (d\u00e1le jen \u201e\u0161kola\u201c), je p\u0159\u00edsp\u011bvkovou organizac\u00ed \u00dasteck\u00e9ho kraje, kter\u00fd je jej\u00edm z\u0159izovatelem. Hlavn\u00edm \u00fakolem je poskytov\u00e1n\u00ed vy\u0161\u0161\u00edho a st\u0159edn\u00edho odborn\u00e9ho vzd\u011bl\u00e1n\u00ed a ubytov\u00e1n\u00ed \u017e\u00e1k\u016f a student\u016f v&nbsp;domov\u011b ml\u00e1de\u017ee.<\/p>\n\n\n\n<p>V r\u00e1mci zaji\u0161\u0165ov\u00e1n\u00ed sv\u00fdch \u010dinnost\u00ed prov\u00e1d\u00ed \u0161kola, kter\u00e1 je spr\u00e1vcem osobn\u00edch \u00fadaj\u016f, jejich zpracov\u00e1n\u00ed zejm\u00e9na pro tyto \u00fa\u010dely:<\/p>\n\n\n\n<ul class=\"wp-block-list\">\n<li>&#8211; p\u0159ij\u00edmac\u00ed \u0159\u00edzen\u00ed do prvn\u00edho ro\u010dn\u00edku vzd\u011bl\u00e1v\u00e1n\u00ed ve st\u0159edn\u00ed \u0161kole a vy\u0161\u0161\u00ed odborn\u00e9 \u0161kole,<\/li>\n\n\n\n<li>&#8211; p\u0159ij\u00edm\u00e1n\u00ed do vy\u0161\u0161\u00edho ro\u010dn\u00edku vzd\u011bl\u00e1v\u00e1n\u00ed ve st\u0159edn\u00ed \u0161kole a vy\u0161\u0161\u00ed odborn\u00e9 \u0161kole<\/li>\n\n\n\n<li>&#8211; zaji\u0161t\u011bn\u00ed st\u0159edn\u00edho a vy\u0161\u0161\u00edho odborn\u00e9ho vzd\u011bl\u00e1v\u00e1n\u00ed, zaji\u0161t\u011bn\u00ed odborn\u00e9 praxe,<\/li>\n\n\n\n<li>&#8211; dal\u0161\u00ed vzd\u011bl\u00e1v\u00e1n\u00ed pedagogick\u00fdch pracovn\u00edk\u016f,<\/li>\n\n\n\n<li>&#8211; poskytov\u00e1n\u00ed poradensk\u00fdch slu\u017eeb ve \u0161kole,<\/li>\n\n\n\n<li>&#8211; organizace z\u00e1jezd\u016f, exkurz\u00ed a sportovn\u00edch pobytov\u00fdch kurz\u016f atd.,<\/li>\n\n\n\n<li>&#8211; ubytov\u00e1n\u00ed \u017e\u00e1k\u016f a student\u016f \u0161kol v&nbsp;domov\u011b ml\u00e1de\u017ee,<\/li>\n\n\n\n<li>&#8211; zaji\u0161t\u011bn\u00ed \u0161koln\u00edho stravov\u00e1n\u00ed, evidence \u00faraz\u016f,<\/li>\n\n\n\n<li>&#8211; ochrana majetku a osob,<\/li>\n\n\n\n<li>&#8211; v\u00fdb\u011brov\u00e1 \u0159\u00edzen\u00ed na zam\u011bstnance,<\/li>\n\n\n\n<li>&#8211; pracovn\u011bpr\u00e1vn\u00ed a mzdov\u00e1 agenda,<\/li>\n\n\n\n<li>&#8211; prezentace p\u0159\u00edsp\u011bvkov\u00e9 organizace,<\/li>\n\n\n\n<li>&#8211; projekty, \u017e\u00e1dosti o dotace,<\/li>\n\n\n\n<li>&#8211; veden\u00ed \u00fa\u010detnictv\u00ed p\u0159\u00edsp\u011bvkov\u00e9 organizace<\/li>\n\n\n\n<li>&#8211; evidence \u010dten\u00e1\u0159\u016f \u0161koln\u00ed knihovny.<\/li>\n\n\n\n<li>&#8211; v\u00fdb\u011brov\u00e1 \u0159\u00edzen\u00ed na zam\u011bstnance,<\/li>\n\n\n\n<li>&#8211; evidence uchaze\u010d\u016f o zam\u011bstn\u00e1n\u00ed,<\/li>\n\n\n\n<li>&#8211; smlouvy a objedn\u00e1vky slu\u017eeb.<\/li>\n<\/ul>\n\n\n\n<p><strong>Informace o zpracov\u00e1n\u00ed osobn\u00edch \u00fadaj\u016f:<\/strong><\/p>\n\n\n\n<p>Pr\u00e1vn\u00edm z\u00e1kladem pro zpracov\u00e1n\u00ed osobn\u00edch \u00fadaj\u016f je podle \u010dl. 6.&nbsp;odst. 1 p\u00edsm. c) GDPR spln\u011bn\u00ed pr\u00e1vn\u00ed povinnosti, kter\u00e1 se na \u0161kolu vztahuje.<\/p>\n\n\n\n<p>Osobn\u00ed \u00fadaje nejsou p\u0159ed\u00e1v\u00e1ny jin\u00fdm osob\u00e1m, pokud povinnost jejich p\u0159ed\u00e1n\u00ed org\u00e1n\u016fm, \u00fa\u0159ad\u016fm \u010di instituc\u00edm nen\u00ed \u0161kole ulo\u017eena zvl\u00e1\u0161tn\u00edm pr\u00e1vn\u00edm p\u0159edpisem.<\/p>\n\n\n\n<p>P\u0159i zpracov\u00e1n\u00ed osobn\u00edch \u00fadaj\u016f ve \u0161kole nedoch\u00e1z\u00ed k&nbsp;automatizovan\u00e9mu rozhodov\u00e1n\u00ed, na jeho\u017e z\u00e1klad\u011b by byly \u010din\u011bny \u00fakony \u010di rozhodnut\u00ed, jejich\u017e obsahem by byl z\u00e1sah do pr\u00e1v \u010di opr\u00e1vn\u011bn\u00fdch z\u00e1jm\u016f ob\u010dan\u016f.<\/p>\n\n\n\n<p>Osobn\u00ed \u00fadaje jsou zpracov\u00e1v\u00e1ny pouze po nezbytnou dobu, kter\u00e1 je individu\u00e1ln\u00ed pro jednotliv\u00e9 \u00fa\u010dely zpracov\u00e1n\u00ed. Po uplynut\u00ed t\u00e9to doby jsou osobn\u00ed \u00fadaje zlikvidov\u00e1ny nebo jsou d\u00e1le uchov\u00e1ny po dobu stanovenou platn\u00fdm Spisov\u00fdm a skarta\u010dn\u00edm pl\u00e1nem, vydan\u00fdm v&nbsp;souladu se z\u00e1konem \u010d. 499\/2004 Sb., o archivnictv\u00ed a spisov\u00e9 slu\u017eb\u011b.<\/p>\n\n\n\n<p><strong>M\u00e1te pr\u00e1vo:<\/strong><\/p>\n\n\n\n<ul class=\"wp-block-list\">\n<li>&#8211; po\u017eadovat umo\u017en\u011bn\u00ed p\u0159\u00edstupu k&nbsp;osobn\u00edm \u00fadaj\u016fm \u017e\u00e1ka a studenta,<\/li>\n\n\n\n<li>&#8211; po\u017eadovat opravu nep\u0159esn\u00fdch osobn\u00edch \u00fadaj\u016f (pokud se domn\u00edv\u00e1te, \u017ee osobn\u00ed \u00fadaje zpracov\u00e1van\u00e9 \u0161kolou jsou nep\u0159esn\u00e9),<\/li>\n\n\n\n<li>&#8211; po\u017eadovat vymaz\u00e1n\u00ed osobn\u00edch \u00fadaj\u016f \u017e\u00e1ka a studenta, pop\u0159. po\u017eadovat omezen\u00ed jejich zpracov\u00e1n\u00ed,<\/li>\n\n\n\n<li>&#8211; podat st\u00ed\u017enost u dozorov\u00e9ho org\u00e1nu.<\/li>\n<\/ul>\n\n\n\n<p>Va\u0161e po\u017eadavky budou v\u017edy \u0159\u00e1dn\u011b posouzeny a vypo\u0159\u00e1d\u00e1ny v&nbsp;souladu s&nbsp;p\u0159\u00edslu\u0161n\u00fdmi ustanoven\u00edmi obecn\u00e9ho na\u0159\u00edzen\u00ed o ochran\u011b osobn\u00edch \u00fadaj\u016f (GDPR).<\/p>\n\n\n\n<p>Sv\u00e1 pr\u00e1va v\u016f\u010di \u0161kole uplat\u0148ujte cestou pov\u011b\u0159ence pro ochranu osobn\u00edch \u00fadaj\u016f.<\/p>\n\n\n\n<p><strong>Pov\u011b\u0159enec pro ochranu osobn\u00edch \u00fadaj\u016f<\/strong>:\u00a0                       e-mail:<strong>gdpr@prumkadc.cz<\/strong><\/p>\n","protected":false},"excerpt":{"rendered":"<p>Informace o zpracov\u00e1n\u00ed osobn\u00edch \u00fadaj\u016f Vy\u0161\u0161\u00ed odborn\u00e1 \u0161kola a St\u0159edn\u00ed pr\u016fmyslov\u00e1 \u0161kola strojn\u00ed, stavebn\u00ed a dopravn\u00ed, D\u011b\u010d\u00edn, p\u0159\u00edsp\u011bvkov\u00e1 organizace,I\u010c: 47274689 (d\u00e1le jen \u201e\u0161kola\u201c), je p\u0159\u00edsp\u011bvkovou organizac\u00ed \u00dasteck\u00e9ho kraje, kter\u00fd je jej\u00edm z\u0159izovatelem. Hlavn\u00edm \u00fakolem je poskytov\u00e1n\u00ed vy\u0161\u0161\u00edho a st\u0159edn\u00edho odborn\u00e9ho vzd\u011bl\u00e1n\u00ed a ubytov\u00e1n\u00ed \u017e\u00e1k\u016f a student\u016f v&nbsp;domov\u011b ml\u00e1de\u017ee. V&nbsp;r\u00e1mci zaji\u0161\u0165ov\u00e1n\u00ed sv\u00fdch \u010dinnost\u00ed prov\u00e1d\u00ed \u0161kola, [&hellip;]<\/p>\n","protected":false},"author":5,"featured_media":0,"parent":0,"menu_order":0,"comment_status":"closed","ping_status":"closed","template":"","meta":{"_acf_changed":false,"footnotes":""},"class_list":["post-77","page","type-page","status-publish","hentry"],"acf":[],"_links":{"self":[{"href":"https:\/\/www.prumkadc.cz\/index.php\/wp-json\/wp\/v2\/pages\/77","targetHints":{"allow":["GET"]}}],"collection":[{"href":"https:\/\/www.prumkadc.cz\/index.php\/wp-json\/wp\/v2\/pages"}],"about":[{"href":"https:\/\/www.prumkadc.cz\/index.php\/wp-json\/wp\/v2\/types\/page"}],"author":[{"embeddable":true,"href":"https:\/\/www.prumkadc.cz\/index.php\/wp-json\/wp\/v2\/users\/5"}],"replies":[{"embeddable":true,"href":"https:\/\/www.prumkadc.cz\/index.php\/wp-json\/wp\/v2\/comments?post=77"}],"version-history":[{"count":3,"href":"https:\/\/www.prumkadc.cz\/index.php\/wp-json\/wp\/v2\/pages\/77\/revisions"}],"predecessor-version":[{"id":804,"href":"https:\/\/www.prumkadc.cz\/index.php\/wp-json\/wp\/v2\/pages\/77\/revisions\/804"}],"wp:attachment":[{"href":"https:\/\/www.prumkadc.cz\/index.php\/wp-json\/wp\/v2\/media?parent=77"}],"curies":[{"name":"wp","href":"https:\/\/api.w.org\/{rel}","templated":true}]}}